{"id":15,"date":"2011-08-24T13:18:44","date_gmt":"2011-08-24T11:18:44","guid":{"rendered":"http:\/\/afk-lembach.at\/niederranna\/?page_id=15"},"modified":"2018-12-12T18:30:38","modified_gmt":"2018-12-12T17:30:38","slug":"kommando","status":"publish","type":"page","link":"https:\/\/afk-lembach.at\/niederranna\/organisation\/kommando\/","title":{"rendered":"Kommando"},"content":{"rendered":"<p><a href=\"https:\/\/afk-lembach.at\/niederranna\/files\/2018\/05\/BezBewerb_Niederranna_2017_01.jpg\"><img loading=\"lazy\" decoding=\"async\" class=\"wp-image-1813 size-large alignnone\" src=\"https:\/\/afk-lembach.at\/niederranna\/files\/2018\/05\/BezBewerb_Niederranna_2017_01-1024x576.jpg\" alt=\"\" width=\"560\" height=\"315\" srcset=\"https:\/\/afk-lembach.at\/niederranna\/files\/2018\/05\/BezBewerb_Niederranna_2017_01-1024x576.jpg 1024w, https:\/\/afk-lembach.at\/niederranna\/files\/2018\/05\/BezBewerb_Niederranna_2017_01-300x169.jpg 300w, https:\/\/afk-lembach.at\/niederranna\/files\/2018\/05\/BezBewerb_Niederranna_2017_01-768x432.jpg 768w, https:\/\/afk-lembach.at\/niederranna\/files\/2018\/05\/BezBewerb_Niederranna_2017_01.jpg 1200w\" sizes=\"(max-width: 560px) 100vw, 560px\" \/><\/a><\/p>\n<p style=\"text-align: left\"><span style=\"text-decoration: underline\">Kommandant:<\/span> Helmut Hanzsek, HBI<\/p>\n<p><a href=\"https:\/\/afk-lembach.at\/niederranna\/files\/2018\/05\/Heli.jpg\"><img loading=\"lazy\" decoding=\"async\" class=\"wp-image-1820 size-medium alignnone\" src=\"https:\/\/afk-lembach.at\/niederranna\/files\/2018\/05\/Heli-225x300.jpg\" alt=\"\" width=\"225\" height=\"300\" srcset=\"https:\/\/afk-lembach.at\/niederranna\/files\/2018\/05\/Heli-225x300.jpg 225w, https:\/\/afk-lembach.at\/niederranna\/files\/2018\/05\/Heli-768x1024.jpg 768w, https:\/\/afk-lembach.at\/niederranna\/files\/2018\/05\/Heli.jpg 866w\" sizes=\"(max-width: 225px) 100vw, 225px\" \/><\/a><\/p>\n<p><span style=\"text-decoration: underline\">Kommandant-Stellvertreter:<\/span> Bernhard Krenn, OBI<\/p>\n<p><a href=\"https:\/\/afk-lembach.at\/niederranna\/files\/2018\/05\/Berni.jpg\"><img loading=\"lazy\" decoding=\"async\" class=\"wp-image-1818  alignnone\" src=\"https:\/\/afk-lembach.at\/niederranna\/files\/2018\/05\/Berni-169x300.jpg\" alt=\"\" width=\"228\" height=\"405\" srcset=\"https:\/\/afk-lembach.at\/niederranna\/files\/2018\/05\/Berni-169x300.jpg 169w, https:\/\/afk-lembach.at\/niederranna\/files\/2018\/05\/Berni-576x1024.jpg 576w, https:\/\/afk-lembach.at\/niederranna\/files\/2018\/05\/Berni.jpg 675w\" sizes=\"(max-width: 228px) 100vw, 228px\" \/><\/a><\/p>\n<p><span style=\"text-decoration: underline\">Schriftf\u00fchrer:<\/span> Gerald Witti, AW<\/p>\n<p><a href=\"https:\/\/afk-lembach.at\/niederranna\/files\/2018\/05\/Gerald.jpg\"><img loading=\"lazy\" decoding=\"async\" class=\"wp-image-1819 size-medium alignnone\" src=\"https:\/\/afk-lembach.at\/niederranna\/files\/2018\/05\/Gerald-225x300.jpg\" alt=\"\" width=\"225\" height=\"300\" srcset=\"https:\/\/afk-lembach.at\/niederranna\/files\/2018\/05\/Gerald-225x300.jpg 225w, https:\/\/afk-lembach.at\/niederranna\/files\/2018\/05\/Gerald-768x1024.jpg 768w, https:\/\/afk-lembach.at\/niederranna\/files\/2018\/05\/Gerald.jpg 866w\" sizes=\"(max-width: 225px) 100vw, 225px\" \/><\/a><\/p>\n<p><span style=\"text-decoration: underline\">Kassenf\u00fchrer:<\/span> Michael Witti, AW<\/p>\n<p><a href=\"https:\/\/afk-lembach.at\/niederranna\/files\/2018\/05\/Michi.jpg\"><img loading=\"lazy\" decoding=\"async\" class=\"wp-image-1816 size-medium alignnone\" src=\"https:\/\/afk-lembach.at\/niederranna\/files\/2018\/05\/Michi-225x300.jpg\" alt=\"\" width=\"225\" height=\"300\" srcset=\"https:\/\/afk-lembach.at\/niederranna\/files\/2018\/05\/Michi-225x300.jpg 225w, https:\/\/afk-lembach.at\/niederranna\/files\/2018\/05\/Michi-768x1024.jpg 768w, https:\/\/afk-lembach.at\/niederranna\/files\/2018\/05\/Michi.jpg 866w\" sizes=\"(max-width: 225px) 100vw, 225px\" \/><\/a><\/p>\n<p>Ger\u00e4tewart: Thomas Antlanger, AW<\/p>\n<p><a href=\"https:\/\/afk-lembach.at\/niederranna\/files\/2018\/05\/Tom.jpg\"><img loading=\"lazy\" decoding=\"async\" class=\"wp-image-1817 size-medium alignnone\" src=\"https:\/\/afk-lembach.at\/niederranna\/files\/2018\/05\/Tom-225x300.jpg\" alt=\"\" width=\"225\" height=\"300\" srcset=\"https:\/\/afk-lembach.at\/niederranna\/files\/2018\/05\/Tom-225x300.jpg 225w, https:\/\/afk-lembach.at\/niederranna\/files\/2018\/05\/Tom-768x1024.jpg 768w, https:\/\/afk-lembach.at\/niederranna\/files\/2018\/05\/Tom.jpg 866w\" sizes=\"(max-width: 225px) 100vw, 225px\" \/><\/a><\/p>\n<h1 class=\"page-title\"><span style=\"color: #ff0000\">erweitertes Kommando<\/span><\/h1>\n<p><span style=\"text-decoration: underline\">LuN:<\/span> Christian Witti, HBM<\/p>\n<p><a href=\"https:\/\/afk-lembach.at\/niederranna\/files\/2015\/04\/Christian-Witti.jpg\"><img loading=\"lazy\" decoding=\"async\" class=\" wp-image-992 alignnone\" src=\"https:\/\/afk-lembach.at\/niederranna\/files\/2015\/04\/Christian-Witti.jpg\" alt=\"Christian Witti\" width=\"160\" height=\"213\" srcset=\"https:\/\/afk-lembach.at\/niederranna\/files\/2015\/04\/Christian-Witti.jpg 683w, https:\/\/afk-lembach.at\/niederranna\/files\/2015\/04\/Christian-Witti-225x300.jpg 225w\" sizes=\"(max-width: 160px) 100vw, 160px\" \/><\/a><\/p>\n<p><span style=\"text-decoration: underline\">Wasserwehr:<\/span> Rudolf Peham, HBM<\/p>\n<p><a href=\"https:\/\/afk-lembach.at\/niederranna\/files\/2015\/04\/Rudolf-Peham.jpg\"><img loading=\"lazy\" decoding=\"async\" class=\" wp-image-987 alignnone\" src=\"https:\/\/afk-lembach.at\/niederranna\/files\/2015\/04\/Rudolf-Peham.jpg\" alt=\"Rudolf Peham\" width=\"160\" height=\"213\" srcset=\"https:\/\/afk-lembach.at\/niederranna\/files\/2015\/04\/Rudolf-Peham.jpg 683w, https:\/\/afk-lembach.at\/niederranna\/files\/2015\/04\/Rudolf-Peham-225x300.jpg 225w\" sizes=\"(max-width: 160px) 100vw, 160px\" \/><\/a><\/p>\n<p><span style=\"font-size: small\">\u00a0<\/span><\/p>\n<p><span style=\"text-decoration: underline\">Atemschutzwart:<\/span> Eilmannsberger Daniel, HBM<\/p>\n<p><a href=\"https:\/\/afk-lembach.at\/niederranna\/files\/2015\/04\/Eilmannsberger-Daniel.jpg\"><img loading=\"lazy\" decoding=\"async\" class=\" wp-image-991 alignnone\" src=\"https:\/\/afk-lembach.at\/niederranna\/files\/2015\/04\/Eilmannsberger-Daniel.jpg\" alt=\"Eilmannsberger Daniel\" width=\"160\" height=\"213\" srcset=\"https:\/\/afk-lembach.at\/niederranna\/files\/2015\/04\/Eilmannsberger-Daniel.jpg 681w, https:\/\/afk-lembach.at\/niederranna\/files\/2015\/04\/Eilmannsberger-Daniel-225x300.jpg 225w\" sizes=\"(max-width: 160px) 100vw, 160px\" \/><\/a><\/p>\n<p><span style=\"text-decoration: underline\">Ger\u00e4tewartgehilfe:<\/span> Christian Ratzenb\u00f6ck, HFM<\/p>\n<p><a href=\"https:\/\/afk-lembach.at\/niederranna\/files\/2015\/04\/Christian-Ratzenboeck.jpg\"><img loading=\"lazy\" decoding=\"async\" class=\" wp-image-984 alignnone\" src=\"https:\/\/afk-lembach.at\/niederranna\/files\/2015\/04\/Christian-Ratzenboeck.jpg\" alt=\"Christian Ratzenboeck\" width=\"160\" height=\"213\" srcset=\"https:\/\/afk-lembach.at\/niederranna\/files\/2015\/04\/Christian-Ratzenboeck.jpg 681w, https:\/\/afk-lembach.at\/niederranna\/files\/2015\/04\/Christian-Ratzenboeck-225x300.jpg 225w\" sizes=\"(max-width: 160px) 100vw, 160px\" \/><\/a><\/p>\n","protected":false},"excerpt":{"rendered":"<p>Kommandant: Helmut Hanzsek, HBI Kommandant-Stellvertreter: Bernhard Krenn, OBI Schriftf\u00fchrer: Gerald Witti, AW Kassenf\u00fchrer: Michael Witti, AW Ger\u00e4tewart: Thomas Antlanger, AW erweitertes Kommando LuN: Christian Witti, HBM Wasserwehr: Rudolf Peham, HBM \u00a0 Atemschutzwart: Eilmannsberger Daniel, HBM Ger\u00e4tewartgehilfe: Christian Ratzenb\u00f6ck, HFM<\/p>\n","protected":false},"author":4,"featured_media":0,"parent":13,"menu_order":1,"comment_status":"closed","ping_status":"closed","template":"","meta":{"ngg_post_thumbnail":0,"footnotes":""},"class_list":["post-15","page","type-page","status-publish","hentry"],"_links":{"self":[{"href":"https:\/\/afk-lembach.at\/niederranna\/wp-json\/wp\/v2\/pages\/15"}],"collection":[{"href":"https:\/\/afk-lembach.at\/niederranna\/wp-json\/wp\/v2\/pages"}],"about":[{"href":"https:\/\/afk-lembach.at\/niederranna\/wp-json\/wp\/v2\/types\/page"}],"author":[{"embeddable":true,"href":"https:\/\/afk-lembach.at\/niederranna\/wp-json\/wp\/v2\/users\/4"}],"replies":[{"embeddable":true,"href":"https:\/\/afk-lembach.at\/niederranna\/wp-json\/wp\/v2\/comments?post=15"}],"version-history":[{"count":29,"href":"https:\/\/afk-lembach.at\/niederranna\/wp-json\/wp\/v2\/pages\/15\/revisions"}],"predecessor-version":[{"id":2070,"href":"https:\/\/afk-lembach.at\/niederranna\/wp-json\/wp\/v2\/pages\/15\/revisions\/2070"}],"up":[{"embeddable":true,"href":"https:\/\/afk-lembach.at\/niederranna\/wp-json\/wp\/v2\/pages\/13"}],"wp:attachment":[{"href":"https:\/\/afk-lembach.at\/niederranna\/wp-json\/wp\/v2\/media?parent=15"}],"curies":[{"name":"wp","href":"https:\/\/api.w.org\/{rel}","templated":true}]}}