{"id":1999,"date":"2018-10-27T23:36:17","date_gmt":"2018-10-27T21:36:17","guid":{"rendered":"http:\/\/afk-lembach.at\/niederranna\/?page_id=1999"},"modified":"2019-02-23T19:43:30","modified_gmt":"2019-02-23T18:43:30","slug":"tauchdienst","status":"publish","type":"page","link":"https:\/\/afk-lembach.at\/niederranna\/ausstattung\/tauchdienst\/","title":{"rendered":"Tauchdienst"},"content":{"rendered":"<p>Bereits Anfang der 60er Jahre wurde seitens des KHD mit der Einrichtung des Tauchdienstes begonnen. Derzeit\u00a0gibt es in Ober\u00f6sterreich sechs Taucherst\u00fctzpunkte, welche in\u00a026 Tauchergruppen aufgegliedert sind.<\/p>\n<p><img loading=\"lazy\" decoding=\"async\" class=\"aligncenter size-full wp-image-2006\" src=\"https:\/\/afk-lembach.at\/niederranna\/files\/2018\/10\/Taucherst\u00fctzpunkte-O\u00d6.jpg\" alt=\"\" width=\"600\" height=\"489\" srcset=\"https:\/\/afk-lembach.at\/niederranna\/files\/2018\/10\/Taucherst\u00fctzpunkte-O\u00d6.jpg 600w, https:\/\/afk-lembach.at\/niederranna\/files\/2018\/10\/Taucherst\u00fctzpunkte-O\u00d6-300x245.jpg 300w\" sizes=\"(max-width: 600px) 100vw, 600px\" \/><\/p>\n<p>Zu den\u00a0Aufgaben der Taucher z\u00e4hlen die Suche nach verungl\u00fcckten Personen in Gew\u00e4ssern, sowie das Bergen von versunkenen Fahrzeugen und Gegenst\u00e4nden. Diese Aufgaben m\u00fcssen rund um die Uhr,\u00a0oft unter extrem schlechten Sicht- und Str\u00f6mungsbedingungen, ausgef\u00fchrt werden. Um dabei einen m\u00f6glichst gefahrenlosen Einsatz zu erm\u00f6glichen, sind eine Vielzahl an \u00dcbungen in realistischen Einsatzgebieten notwendig.<\/p>\n<p><img loading=\"lazy\" decoding=\"async\" class=\"alignright wp-image-2017\" src=\"https:\/\/afk-lembach.at\/niederranna\/files\/2018\/10\/Feuerwehr-Einsatztaucher-St\u00fctzpunkt-6.png\" alt=\"\" width=\"160\" height=\"160\" srcset=\"https:\/\/afk-lembach.at\/niederranna\/files\/2018\/10\/Feuerwehr-Einsatztaucher-St\u00fctzpunkt-6.png 658w, https:\/\/afk-lembach.at\/niederranna\/files\/2018\/10\/Feuerwehr-Einsatztaucher-St\u00fctzpunkt-6-150x150.png 150w, https:\/\/afk-lembach.at\/niederranna\/files\/2018\/10\/Feuerwehr-Einsatztaucher-St\u00fctzpunkt-6-300x300.png 300w, https:\/\/afk-lembach.at\/niederranna\/files\/2018\/10\/Feuerwehr-Einsatztaucher-St\u00fctzpunkt-6-100x100.png 100w\" sizes=\"(max-width: 160px) 100vw, 160px\" \/><\/p>\n<p>Im Bezirk Rohrbach\u00a0ist der\u00a0Taucherst\u00fctzpunkt 6, bestehend aus den Tauchergruppen Niederranna (6\/1), St. Martin (6\/2)\u00a0und St. Peter (6\/3), angesiedelt. Angefordert wird der Taucherst\u00fctzpunkt nicht nur im Bezirk Rohrbach, sondern\u00a0bei gr\u00f6\u00dferen Sucheins\u00e4tzen auch in ganz\u00a0Ober\u00f6sterreich bzw.\u00a0im ganzen Bundesgebiet. Das h\u00e4ufigste Einsatzgebiet im eigenen\u00a0Pflichtbereich\u00a0ist die Donau am linken und rechten Ufer von Passau bis Aschach.<\/p>\n<p>Die Tauchergruppe Niederranna besteht derzeit aus 16 aktiven Tauchern (davon 1 Lehrertaucher), 4 Reservisten und einem Tauchanw\u00e4rter. Geleitet wird diese Gruppe von OBI Kalinke Gerald (FF Wesenufer).<\/p>\n<p style=\"text-align: center\"><strong>Finde uns auf<\/strong><a href=\"https:\/\/www.facebook.com\/Feuerwehrtaucher-St%C3%BCtzpunkt-6-1905363343124815\/\" target=\"_blank\" rel=\"https:\/\/de-de.facebook.com\/ffniederranna\/ noopener noreferrer\"><img loading=\"lazy\" decoding=\"async\" class=\"aligncenter\" src=\"https:\/\/afk-lembach.at\/niederranna\/files\/2018\/10\/Facebook-Button-300x300.png\" alt=\"\" width=\"35\" height=\"35\" \/><\/a><\/p>\n","protected":false},"excerpt":{"rendered":"<p>Bereits Anfang der 60er Jahre wurde seitens des KHD mit der Einrichtung des Tauchdienstes begonnen. Derzeit\u00a0gibt es in Ober\u00f6sterreich sechs Taucherst\u00fctzpunkte, welche in\u00a026 Tauchergruppen aufgegliedert sind. Zu den\u00a0Aufgaben der Taucher z\u00e4hlen die Suche nach verungl\u00fcckten Personen in Gew\u00e4ssern, sowie das Bergen von versunkenen Fahrzeugen und Gegenst\u00e4nden. Diese Aufgaben m\u00fcssen rund um die Uhr,\u00a0oft unter extrem [&hellip;]<\/p>\n","protected":false},"author":36,"featured_media":0,"parent":19,"menu_order":0,"comment_status":"closed","ping_status":"closed","template":"","meta":{"ngg_post_thumbnail":0,"footnotes":""},"class_list":["post-1999","page","type-page","status-publish","hentry"],"_links":{"self":[{"href":"https:\/\/afk-lembach.at\/niederranna\/wp-json\/wp\/v2\/pages\/1999"}],"collection":[{"href":"https:\/\/afk-lembach.at\/niederranna\/wp-json\/wp\/v2\/pages"}],"about":[{"href":"https:\/\/afk-lembach.at\/niederranna\/wp-json\/wp\/v2\/types\/page"}],"author":[{"embeddable":true,"href":"https:\/\/afk-lembach.at\/niederranna\/wp-json\/wp\/v2\/users\/36"}],"replies":[{"embeddable":true,"href":"https:\/\/afk-lembach.at\/niederranna\/wp-json\/wp\/v2\/comments?post=1999"}],"version-history":[{"count":24,"href":"https:\/\/afk-lembach.at\/niederranna\/wp-json\/wp\/v2\/pages\/1999\/revisions"}],"predecessor-version":[{"id":2200,"href":"https:\/\/afk-lembach.at\/niederranna\/wp-json\/wp\/v2\/pages\/1999\/revisions\/2200"}],"up":[{"embeddable":true,"href":"https:\/\/afk-lembach.at\/niederranna\/wp-json\/wp\/v2\/pages\/19"}],"wp:attachment":[{"href":"https:\/\/afk-lembach.at\/niederranna\/wp-json\/wp\/v2\/media?parent=1999"}],"curies":[{"name":"wp","href":"https:\/\/api.w.org\/{rel}","templated":true}]}}