{"id":62,"date":"2012-06-15T09:54:09","date_gmt":"2012-06-15T07:54:09","guid":{"rendered":"http:\/\/afk-lembach.at\/niederranna\/?page_id=62"},"modified":"2018-10-23T23:43:04","modified_gmt":"2018-10-23T21:43:04","slug":"links","status":"publish","type":"page","link":"https:\/\/afk-lembach.at\/niederranna\/links\/","title":{"rendered":"Links"},"content":{"rendered":"<p><strong>Allgemeine Feuerwehr-Links:<\/strong><\/p>\n<p><a href=\"http:\/\/www.ooelfv.at\/\" target=\"_blank\" rel=\"noopener\">Landesfeuerwehrverband O\u00d6<\/a><\/p>\n<p><a href=\"http:\/\/www.bundesfeuerwehrverband.at\/\" target=\"_blank\" rel=\"noopener\">\u00d6sterreichischer Bundesfeuerwehrverband<\/a><\/p>\n<p><a href=\"http:\/\/www.bvs-linz.at\/\" target=\"_blank\" rel=\"noopener\">Brandverh\u00fctungsstelle O\u00d6<\/a><\/p>\n<p><a href=\"http:\/\/www.fireworld.at\/\" target=\"_blank\" rel=\"noopener\">Fireworld<\/a><\/p>\n<p>&nbsp;<\/p>\n<p><strong>Feuerwehrgliederung im Bezirk Rohrbach:<\/strong><\/p>\n<p><a href=\"https:\/\/www.ooelfv.at\/der-verband\/struktur\/#\/rohrbach~409\/details\" target=\"_blank\" rel=\"noopener\">Bezirks Feuerwehr Kommando Rohrbach<\/a><\/p>\n<p><a href=\"https:\/\/www.ooelfv.at\/der-verband\/struktur\/#\/lembach~4092\/details\">Abschnitts Feuerwehr Kommando Lembach<\/a><\/p>\n<p>&nbsp;<\/p>\n<p><strong>Benachbarte\u00a0Feuerwehren:<\/strong><\/p>\n<p><a href=\"https:\/\/afk-lembach.at\/hofkirchen\/\" target=\"_blank\" rel=\"noopener\">FF Hofkirchen\u00a0(Pflichtbereich)<\/a><\/p>\n<p><a href=\"https:\/\/afk-lembach.at\/rannariedl\/\" target=\"_blank\" rel=\"noopener\">FF Rannariedl<\/a><\/p>\n<p><a href=\"https:\/\/de-de.facebook.com\/pages\/category\/Nonprofit-Organization\/Freiwillige-Feuerwehr-Wesenufer-185921974777651\/\" target=\"_blank\" rel=\"noopener\">FF Wesenufer<\/a><\/p>\n<p>FF Engelhartszell<\/p>\n<p>&nbsp;<\/p>\n<p><strong>Einsatzorganisationen:<\/strong><\/p>\n<p><a href=\"https:\/\/www.polizei.gv.at\/ooe\/lpd\/dst\/dienststellen.aspx?org=6D4273444852384B6832633D\" target=\"_blank\" rel=\"noopener\">Polizei Lembach<\/a><\/p>\n<p><a href=\"https:\/\/www.roteskreuz.at\/ooe\/dienststellen\/rohrbach\/die-bezirksstelle\/die-ortsstellen\/hofkirchen-im\/startseite\/\" target=\"_blank\" rel=\"noopener\">Rotes Kreuz Hofkirchen<\/a><\/p>\n<p>&nbsp;<\/p>\n<p><a href=\"http:\/\/www.hofkirchen.at\/Leben_Wohnen_Wirtschaft\/Aerzte_und_Soziales\" target=\"_blank\" rel=\"noopener\">\u00c4rzte<\/a><\/p>\n<p><a href=\"https:\/\/oerhb-oberoesterreich.at\/ueber-uns.html\" target=\"_blank\" rel=\"noopener\">Rettungshundebrigade O\u00d6<\/a><\/p>\n<p>&nbsp;<\/p>\n<p><strong>Regionales:<\/strong><\/p>\n<p><a href=\"http:\/\/www.hofkirchen.at\/\" target=\"_blank\" rel=\"noopener\">Gemeinde Hofkirchen im M\u00fchlkreis<\/a><\/p>\n<p><a href=\"http:\/\/www.doris.bmvit.gv.at\/fahrwasserinformation\/pegelstaende\/\" target=\"_blank\" rel=\"noopener\">Pegelst\u00e4nde der Donau<\/a><\/p>\n<p>&nbsp;<\/p>\n<p><strong>Vereine:<\/strong><\/p>\n<p><a href=\"https:\/\/de-de.facebook.com\/verschonerungsverein.niederranna\" target=\"_blank\" rel=\"noopener\">Versch\u00f6nerungsverein Niederranna<\/a><\/p>\n<p><a href=\"https:\/\/www.wsvn.net\/cms1\/\" target=\"_blank\" rel=\"noopener\">Wassersportverein Niederranna<\/a><\/p>\n","protected":false},"excerpt":{"rendered":"<p>Allgemeine Feuerwehr-Links: Landesfeuerwehrverband O\u00d6 \u00d6sterreichischer Bundesfeuerwehrverband Brandverh\u00fctungsstelle O\u00d6 Fireworld &nbsp; Feuerwehrgliederung im Bezirk Rohrbach: Bezirks Feuerwehr Kommando Rohrbach Abschnitts Feuerwehr Kommando Lembach &nbsp; Benachbarte\u00a0Feuerwehren: FF Hofkirchen\u00a0(Pflichtbereich) FF Rannariedl FF Wesenufer FF Engelhartszell &nbsp; Einsatzorganisationen: Polizei Lembach Rotes Kreuz Hofkirchen &nbsp; \u00c4rzte Rettungshundebrigade O\u00d6 &nbsp; Regionales: Gemeinde Hofkirchen im M\u00fchlkreis Pegelst\u00e4nde der Donau &nbsp; Vereine: Versch\u00f6nerungsverein [&hellip;]<\/p>\n","protected":false},"author":2,"featured_media":0,"parent":0,"menu_order":7,"comment_status":"closed","ping_status":"closed","template":"","meta":{"ngg_post_thumbnail":0,"footnotes":""},"class_list":["post-62","page","type-page","status-publish","hentry"],"_links":{"self":[{"href":"https:\/\/afk-lembach.at\/niederranna\/wp-json\/wp\/v2\/pages\/62"}],"collection":[{"href":"https:\/\/afk-lembach.at\/niederranna\/wp-json\/wp\/v2\/pages"}],"about":[{"href":"https:\/\/afk-lembach.at\/niederranna\/wp-json\/wp\/v2\/types\/page"}],"author":[{"embeddable":true,"href":"https:\/\/afk-lembach.at\/niederranna\/wp-json\/wp\/v2\/users\/2"}],"replies":[{"embeddable":true,"href":"https:\/\/afk-lembach.at\/niederranna\/wp-json\/wp\/v2\/comments?post=62"}],"version-history":[{"count":7,"href":"https:\/\/afk-lembach.at\/niederranna\/wp-json\/wp\/v2\/pages\/62\/revisions"}],"predecessor-version":[{"id":2029,"href":"https:\/\/afk-lembach.at\/niederranna\/wp-json\/wp\/v2\/pages\/62\/revisions\/2029"}],"wp:attachment":[{"href":"https:\/\/afk-lembach.at\/niederranna\/wp-json\/wp\/v2\/media?parent=62"}],"curies":[{"name":"wp","href":"https:\/\/api.w.org\/{rel}","templated":true}]}}