{"id":3752,"date":"2019-10-08T22:32:16","date_gmt":"2019-10-08T20:32:16","guid":{"rendered":"http:\/\/afk-lembach.at\/oberkappel\/?page_id=3752"},"modified":"2019-10-08T22:37:29","modified_gmt":"2019-10-08T20:37:29","slug":"bewerbsgruppe-ii","status":"publish","type":"page","link":"https:\/\/afk-lembach.at\/oberkappel\/organisation\/bewerbsgruppe-ii\/","title":{"rendered":"Bewerbsgruppe II"},"content":{"rendered":"\n<p>Die FF Oberkappel unterh\u00e4lt seit 2019 auch eine zweite Bewerbsgruppe alias Oldiesgruppe,<\/p>\n<p>Akuelle Bewerbsgruppe 2019:<\/p>\n<p style=\"text-align: justify\">OLM Franz Hazod, LM Martin Hintringer, AW Roman Jungwirth, HBI Norbert Luger, HFM Gerald Schuster, BI G\u00fcnter Schuster, HLM Thomas Stadler, AW Klemens Wintersteiger, HLM Thomas Wintersteiger, BM Herbert Zin\u00f6cker und AW Martin Zin\u00f6cker<\/p>\n<p>Erfolge 2019 Auswahl:<\/p>\n<p>Wettbewerbsabzeichen Niederbayern in Bronze (Phillipsreuth)<\/p>\n<p>2. Rang in Silber &#8211; G\u00e4stewertung<\/p>\n<p>4. Rang in Bronze G\u00e4stewertung\u00a0<\/p>\n<p>(mit Unterst\u00fctzung der Bewerbsgruppe Oberkappel I)<\/p>\n<p>7. Rang Klasse II Silber beim Abschnittsbewerb in Peilstein<\/p>\n<p>28. Rang (von 38. Gruppen) in der Bezirkswertung Klasse II (Wertung aus BRONZE und SILBER)<\/p>\n<p>43. Rang in Bronze Alterswertung am Landesbewerb in Frankenburg (von 50 Gruppen)<\/p>\n<p style=\"text-align: justify\"><a href=\"https:\/\/afk-lembach.at\/oberkappel\/files\/2019\/10\/Gruppenbild-05072019-6-Kopie.jpg\"><img loading=\"lazy\" decoding=\"async\" class=\"aligncenter  wp-image-3738\" src=\"https:\/\/afk-lembach.at\/oberkappel\/files\/2019\/10\/Gruppenbild-05072019-6-Kopie-300x225.jpg\" alt=\"\" width=\"391\" height=\"293\" srcset=\"https:\/\/afk-lembach.at\/oberkappel\/files\/2019\/10\/Gruppenbild-05072019-6-Kopie-300x225.jpg 300w, https:\/\/afk-lembach.at\/oberkappel\/files\/2019\/10\/Gruppenbild-05072019-6-Kopie-768x577.jpg 768w, https:\/\/afk-lembach.at\/oberkappel\/files\/2019\/10\/Gruppenbild-05072019-6-Kopie-1024x769.jpg 1024w, https:\/\/afk-lembach.at\/oberkappel\/files\/2019\/10\/Gruppenbild-05072019-6-Kopie.jpg 1220w\" sizes=\"(max-width: 391px) 100vw, 391px\" \/><\/a>Besten Dank an Hauptsponsor Cafe St\u00f6gm\u00fcller , Malerei Schweitzer und Pink Tankstelle f\u00fcr die Unterst\u00fctzung bei den Shirts f\u00fcr die Bewerbsgruppe\u00a0<\/p>\n","protected":false},"excerpt":{"rendered":"<p>Die FF Oberkappel unterh\u00e4lt seit 2019 auch eine zweite Bewerbsgruppe alias Oldiesgruppe, Akuelle Bewerbsgruppe 2019: OLM Franz Hazod, LM Martin Hintringer, AW Roman Jungwirth, HBI Norbert Luger, HFM Gerald Schuster, BI G\u00fcnter Schuster, HLM Thomas Stadler, AW Klemens Wintersteiger, HLM Thomas Wintersteiger, BM Herbert Zin\u00f6cker und AW Martin Zin\u00f6cker Erfolge 2019 Auswahl: Wettbewerbsabzeichen Niederbayern in [&hellip;]<\/p>\n","protected":false},"author":11,"featured_media":0,"parent":61,"menu_order":4,"comment_status":"closed","ping_status":"closed","template":"","meta":{"ngg_post_thumbnail":0,"footnotes":""},"class_list":["post-3752","page","type-page","status-publish","hentry"],"_links":{"self":[{"href":"https:\/\/afk-lembach.at\/oberkappel\/wp-json\/wp\/v2\/pages\/3752"}],"collection":[{"href":"https:\/\/afk-lembach.at\/oberkappel\/wp-json\/wp\/v2\/pages"}],"about":[{"href":"https:\/\/afk-lembach.at\/oberkappel\/wp-json\/wp\/v2\/types\/page"}],"author":[{"embeddable":true,"href":"https:\/\/afk-lembach.at\/oberkappel\/wp-json\/wp\/v2\/users\/11"}],"replies":[{"embeddable":true,"href":"https:\/\/afk-lembach.at\/oberkappel\/wp-json\/wp\/v2\/comments?post=3752"}],"version-history":[{"count":1,"href":"https:\/\/afk-lembach.at\/oberkappel\/wp-json\/wp\/v2\/pages\/3752\/revisions"}],"predecessor-version":[{"id":3754,"href":"https:\/\/afk-lembach.at\/oberkappel\/wp-json\/wp\/v2\/pages\/3752\/revisions\/3754"}],"up":[{"embeddable":true,"href":"https:\/\/afk-lembach.at\/oberkappel\/wp-json\/wp\/v2\/pages\/61"}],"wp:attachment":[{"href":"https:\/\/afk-lembach.at\/oberkappel\/wp-json\/wp\/v2\/media?parent=3752"}],"curies":[{"name":"wp","href":"https:\/\/api.w.org\/{rel}","templated":true}]}}